{"id":2883,"date":"2025-01-15T07:10:04","date_gmt":"2025-01-15T07:10:04","guid":{"rendered":"https:\/\/cecilemoroni.com\/?page_id=2883"},"modified":"2026-04-07T20:43:11","modified_gmt":"2026-04-07T20:43:11","slug":"referanser-og-medieomtaler-2","status":"publish","type":"page","link":"https:\/\/cecilemoroni.com\/en\/referanser-og-medieomtaler-2\/","title":{"rendered":"Media Coverage"},"content":{"rendered":"<div data-elementor-type=\"wp-page\" data-elementor-id=\"2883\" class=\"elementor elementor-2883\">\n\t\t\t\t\t\t<section class=\"elementor-section elementor-top-section elementor-element elementor-element-273d2cd elementor-section-boxed elementor-section-height-default elementor-section-height-default\" data-id=\"273d2cd\" data-element_type=\"section\" data-e-type=\"section\" data-settings=\"{&quot;background_background&quot;:&quot;classic&quot;}\">\n\t\t\t\t\t\t<div class=\"elementor-container elementor-column-gap-no\">\n\t\t\t\t\t<div class=\"elementor-column elementor-col-100 elementor-top-column elementor-element elementor-element-02c9a38\" data-id=\"02c9a38\" data-element_type=\"column\" data-e-type=\"column\">\n\t\t\t<div class=\"elementor-widget-wrap elementor-element-populated\">\n\t\t\t\t\t\t\t<\/div>\n\t\t<\/div>\n\t\t\t\t\t<\/div>\n\t\t<\/section>\n\t\t\t\t<section class=\"elementor-section elementor-top-section elementor-element elementor-element-47e7980 elementor-section-boxed elementor-section-height-default elementor-section-height-default\" data-id=\"47e7980\" data-element_type=\"section\" data-e-type=\"section\">\n\t\t\t\t\t\t<div class=\"elementor-container elementor-column-gap-default\">\n\t\t\t\t\t<div class=\"elementor-column elementor-col-100 elementor-top-column elementor-element elementor-element-1e56aa9\" data-id=\"1e56aa9\" data-element_type=\"column\" data-e-type=\"column\">\n\t\t\t<div class=\"elementor-widget-wrap elementor-element-populated\">\n\t\t\t\t\t\t<div class=\"elementor-element elementor-element-810cb0a elementor-widget elementor-widget-heading\" data-id=\"810cb0a\" data-element_type=\"widget\" data-e-type=\"widget\" data-widget_type=\"heading.default\">\n\t\t\t\t<div class=\"elementor-widget-container\">\n\t\t\t\t\t<h2 class=\"elementor-heading-title elementor-size-default\">Media Coverage<\/h2>\t\t\t\t<\/div>\n\t\t\t\t<\/div>\n\t\t\t\t\t<\/div>\n\t\t<\/div>\n\t\t\t\t\t<\/div>\n\t\t<\/section>\n\t\t\t\t<section class=\"elementor-section elementor-top-section elementor-element elementor-element-9bfa05b elementor-section-boxed elementor-section-height-default elementor-section-height-default\" data-id=\"9bfa05b\" data-element_type=\"section\" data-e-type=\"section\">\n\t\t\t\t\t\t<div class=\"elementor-container elementor-column-gap-default\">\n\t\t\t\t\t<div class=\"elementor-column elementor-col-50 elementor-top-column elementor-element elementor-element-a9f71b6\" data-id=\"a9f71b6\" data-element_type=\"column\" data-e-type=\"column\">\n\t\t\t<div class=\"elementor-widget-wrap elementor-element-populated\">\n\t\t\t\t\t\t<div class=\"elementor-element elementor-element-5c54d60 elementor-widget elementor-widget-text-editor\" data-id=\"5c54d60\" data-element_type=\"widget\" data-e-type=\"widget\" data-widget_type=\"text-editor.default\">\n\t\t\t\t<div class=\"elementor-widget-container\">\n\t\t\t\t\t\t\t\t\t<p><a href=\"https:\/\/radio.nrk.no\/serie\/distriktsprogram-oestlandssendingen\/DKOA01006526\">Intervju NRK Radio &#8211; April 2026 (p\u00e5 norsk)<\/a><\/p>\t\t\t\t\t\t\t\t<\/div>\n\t\t\t\t<\/div>\n\t\t\t\t\t<\/div>\n\t\t<\/div>\n\t\t\t\t<div class=\"elementor-column elementor-col-50 elementor-top-column elementor-element elementor-element-50fbd5b\" data-id=\"50fbd5b\" data-element_type=\"column\" data-e-type=\"column\">\n\t\t\t<div class=\"elementor-widget-wrap\">\n\t\t\t\t\t\t\t<\/div>\n\t\t<\/div>\n\t\t\t\t\t<\/div>\n\t\t<\/section>\n\t\t\t\t<section class=\"elementor-section elementor-top-section elementor-element elementor-element-fb8e654 elementor-section-boxed elementor-section-height-default elementor-section-height-default\" data-id=\"fb8e654\" data-element_type=\"section\" data-e-type=\"section\">\n\t\t\t\t\t\t<div class=\"elementor-container elementor-column-gap-default\">\n\t\t\t\t\t<div class=\"elementor-column elementor-col-50 elementor-top-column elementor-element elementor-element-48a3204\" data-id=\"48a3204\" data-element_type=\"column\" data-e-type=\"column\">\n\t\t\t<div class=\"elementor-widget-wrap elementor-element-populated\">\n\t\t\t\t\t\t<div class=\"elementor-element elementor-element-e5ee1ca elementor-widget elementor-widget-text-editor\" data-id=\"e5ee1ca\" data-element_type=\"widget\" data-e-type=\"widget\" data-widget_type=\"text-editor.default\">\n\t\t\t\t<div class=\"elementor-widget-container\">\n\t\t\t\t\t\t\t\t\t<p><a href=\"https:\/\/open.spotify.com\/episode\/4R220m8eDayTxLZ03HaYL1\">Podcast &laquo;Kontrollt\u00e5rnet&raquo; med Herman Berg og Atle \u00d8i &#8211; Mars 2026 (p\u00e5 norsk)<\/a><\/p>\t\t\t\t\t\t\t\t<\/div>\n\t\t\t\t<\/div>\n\t\t\t\t\t<\/div>\n\t\t<\/div>\n\t\t\t\t<div class=\"elementor-column elementor-col-50 elementor-top-column elementor-element elementor-element-a4976f9\" data-id=\"a4976f9\" data-element_type=\"column\" data-e-type=\"column\">\n\t\t\t<div class=\"elementor-widget-wrap elementor-element-populated\">\n\t\t\t\t\t\t<div class=\"elementor-element elementor-element-f2e65a1 elementor-widget elementor-widget-text-editor\" data-id=\"f2e65a1\" data-element_type=\"widget\" data-e-type=\"widget\" data-widget_type=\"text-editor.default\">\n\t\t\t\t<div class=\"elementor-widget-container\">\n\t\t\t\t\t\t\t\t\t<p><a href=\"https:\/\/www.nettavisen.no\/nyheter\/fransk-toppleder-fikk-kultursjokk-i-norge\/s\/5-95-2930195\">&laquo;Jobbdoktor&raquo; podcast med Vedis Lamberg, Nettavisen, mars 2026 (p\u00e5 norsk)<\/a><\/p>\t\t\t\t\t\t\t\t<\/div>\n\t\t\t\t<\/div>\n\t\t\t\t\t<\/div>\n\t\t<\/div>\n\t\t\t\t\t<\/div>\n\t\t<\/section>\n\t\t\t\t<section class=\"elementor-section elementor-top-section elementor-element elementor-element-4f91112 elementor-section-boxed elementor-section-height-default elementor-section-height-default\" data-id=\"4f91112\" data-element_type=\"section\" data-e-type=\"section\">\n\t\t\t\t\t\t<div class=\"elementor-container elementor-column-gap-default\">\n\t\t\t\t\t<div class=\"elementor-column elementor-col-50 elementor-top-column elementor-element elementor-element-1d2ed91\" data-id=\"1d2ed91\" data-element_type=\"column\" data-e-type=\"column\">\n\t\t\t<div class=\"elementor-widget-wrap elementor-element-populated\">\n\t\t\t\t\t\t<div class=\"elementor-element elementor-element-424f2a1 elementor-widget elementor-widget-text-editor\" data-id=\"424f2a1\" data-element_type=\"widget\" data-e-type=\"widget\" data-widget_type=\"text-editor.default\">\n\t\t\t\t<div class=\"elementor-widget-container\">\n\t\t\t\t\t\t\t\t\t<p><a href=\"https:\/\/www.aftenposten.no\/norge\/i\/7p0WxK\/babyer-som-sover-ute-i-kulden-hvor-gaar-grensen-for-naar-det-er-for-kaldt\">Aftenposten &#8211; Utlendinger blir sjokkert over at norske barn sover ute &#8211; Jan 2026 (p\u00e5 norsk)<\/a><\/p>\t\t\t\t\t\t\t\t<\/div>\n\t\t\t\t<\/div>\n\t\t\t\t\t<\/div>\n\t\t<\/div>\n\t\t\t\t<div class=\"elementor-column elementor-col-50 elementor-top-column elementor-element elementor-element-f03b4e3\" data-id=\"f03b4e3\" data-element_type=\"column\" data-e-type=\"column\">\n\t\t\t<div class=\"elementor-widget-wrap elementor-element-populated\">\n\t\t\t\t\t\t<div class=\"elementor-element elementor-element-cfa654e elementor-widget elementor-widget-text-editor\" data-id=\"cfa654e\" data-element_type=\"widget\" data-e-type=\"widget\" data-widget_type=\"text-editor.default\">\n\t\t\t\t<div class=\"elementor-widget-container\">\n\t\t\t\t\t\t\t\t\t<p><a href=\"https:\/\/talerlisten.no\/arets-taler\/#:~:text=%C3%85rets%20rakett%202025%3A%20C%C3%A9cile%20Moroni%20mestrer%20humor%20og%20kultur&amp;text=Prisen%20%C3%85rets%20rakett%20g%C3%A5r%20til,C%C3%A9cile%20Moroni%20ble%20tildelt%20prisen.\">C\u00e9cile Moroni blir &laquo;\u00c5rets Rakett 2025&raquo; hos Talerlisten &#8211; Jan 2026 (p\u00e5 norsk)<\/a><\/p>\t\t\t\t\t\t\t\t<\/div>\n\t\t\t\t<\/div>\n\t\t\t\t\t<\/div>\n\t\t<\/div>\n\t\t\t\t\t<\/div>\n\t\t<\/section>\n\t\t\t\t<section class=\"elementor-section elementor-top-section elementor-element elementor-element-22e9f53 elementor-section-boxed elementor-section-height-default elementor-section-height-default\" data-id=\"22e9f53\" data-element_type=\"section\" data-e-type=\"section\">\n\t\t\t\t\t\t<div class=\"elementor-container elementor-column-gap-default\">\n\t\t\t\t\t<div class=\"elementor-column elementor-col-50 elementor-top-column elementor-element elementor-element-1329253\" data-id=\"1329253\" data-element_type=\"column\" data-e-type=\"column\">\n\t\t\t<div class=\"elementor-widget-wrap elementor-element-populated\">\n\t\t\t\t\t\t<div class=\"elementor-element elementor-element-221b2df elementor-widget elementor-widget-text-editor\" data-id=\"221b2df\" data-element_type=\"widget\" data-e-type=\"widget\" data-widget_type=\"text-editor.default\">\n\t\t\t\t<div class=\"elementor-widget-container\">\n\t\t\t\t\t\t\t\t\t<p><a href=\"https:\/\/www.klikk.no\/foreldre\/franske-cecile-om-norsk-jul-ma-jeg-kjope-juletampong-7584639\">Kronikk &laquo;Fransk C\u00e9cile om norsk jul&raquo; &#8211; Foreldre og barn &#8211; dec 2025 (p\u00e5 norsk)<\/a><\/p>\t\t\t\t\t\t\t\t<\/div>\n\t\t\t\t<\/div>\n\t\t\t\t\t<\/div>\n\t\t<\/div>\n\t\t\t\t<div class=\"elementor-column elementor-col-50 elementor-top-column elementor-element elementor-element-2637ecb\" data-id=\"2637ecb\" data-element_type=\"column\" data-e-type=\"column\">\n\t\t\t<div class=\"elementor-widget-wrap elementor-element-populated\">\n\t\t\t\t\t\t<div class=\"elementor-element elementor-element-dbdb7b0 elementor-widget elementor-widget-text-editor\" data-id=\"dbdb7b0\" data-element_type=\"widget\" data-e-type=\"widget\" data-widget_type=\"text-editor.default\">\n\t\t\t\t<div class=\"elementor-widget-container\">\n\t\t\t\t\t\t\t\t\t<p><a href=\"https:\/\/www.klikk.no\/foreldre\/hjemme-med-sykt-barn-det-hores-koselig-ut-tenkte-jeg-7566745\">&laquo;Hjemme med sykt barn&raquo; Kronikk Foreldre og barn (p\u00e5 norsk) &#8211; Nov 2025<\/a><\/p>\t\t\t\t\t\t\t\t<\/div>\n\t\t\t\t<\/div>\n\t\t\t\t\t<\/div>\n\t\t<\/div>\n\t\t\t\t\t<\/div>\n\t\t<\/section>\n\t\t\t\t<section class=\"elementor-section elementor-top-section elementor-element elementor-element-121b222 elementor-section-boxed elementor-section-height-default elementor-section-height-default\" data-id=\"121b222\" data-element_type=\"section\" data-e-type=\"section\">\n\t\t\t\t\t\t<div class=\"elementor-container elementor-column-gap-default\">\n\t\t\t\t\t<div class=\"elementor-column elementor-col-50 elementor-top-column elementor-element elementor-element-b92fbce\" data-id=\"b92fbce\" data-element_type=\"column\" data-e-type=\"column\">\n\t\t\t<div class=\"elementor-widget-wrap elementor-element-populated\">\n\t\t\t\t\t\t<div class=\"elementor-element elementor-element-9dd4116 elementor-widget elementor-widget-text-editor\" data-id=\"9dd4116\" data-element_type=\"widget\" data-e-type=\"widget\" data-widget_type=\"text-editor.default\">\n\t\t\t\t<div class=\"elementor-widget-container\">\n\t\t\t\t\t\t\t\t\t<p><a href=\"https:\/\/www.instagram.com\/reel\/DPryMWDjBCr\/?igsh=dmZlMDJ2cjhlNnZl\">Intervju Nordstrandblad Sept 2025 (norsk)<\/a><\/p>\t\t\t\t\t\t\t\t<\/div>\n\t\t\t\t<\/div>\n\t\t\t\t\t<\/div>\n\t\t<\/div>\n\t\t\t\t<div class=\"elementor-column elementor-col-50 elementor-top-column elementor-element elementor-element-96dc9af\" data-id=\"96dc9af\" data-element_type=\"column\" data-e-type=\"column\">\n\t\t\t<div class=\"elementor-widget-wrap elementor-element-populated\">\n\t\t\t\t\t\t<div class=\"elementor-element elementor-element-d4afbbf elementor-widget elementor-widget-text-editor\" data-id=\"d4afbbf\" data-element_type=\"widget\" data-e-type=\"widget\" data-widget_type=\"text-editor.default\">\n\t\t\t\t<div class=\"elementor-widget-container\">\n\t\t\t\t\t\t\t\t\t<p><a href=\"https:\/\/www.bibamagazine.fr\/culture\/livres\/hilarant-ce-livre-scandinave-ecrit-par-la-meilleure-humoriste-de-lannee-nous-donne-envie-detre-en-hiver-492816.html\">BIBA magazine\u00a0 &#8211; Article sur la sortie en francais du livre &laquo;Le pays o\u00f9 les b\u00e9b\u00e9s dorment dehors &raquo; &#8211; Nov 2025 (en francais)<\/a><\/p>\t\t\t\t\t\t\t\t<\/div>\n\t\t\t\t<\/div>\n\t\t\t\t\t<\/div>\n\t\t<\/div>\n\t\t\t\t\t<\/div>\n\t\t<\/section>\n\t\t\t\t<section class=\"elementor-section elementor-top-section elementor-element elementor-element-f510d84 elementor-section-boxed elementor-section-height-default elementor-section-height-default\" data-id=\"f510d84\" data-element_type=\"section\" data-e-type=\"section\">\n\t\t\t\t\t\t<div class=\"elementor-container elementor-column-gap-default\">\n\t\t\t\t\t<div class=\"elementor-column elementor-col-50 elementor-top-column elementor-element elementor-element-5362554\" data-id=\"5362554\" data-element_type=\"column\" data-e-type=\"column\">\n\t\t\t<div class=\"elementor-widget-wrap elementor-element-populated\">\n\t\t\t\t\t\t<div class=\"elementor-element elementor-element-6ffc143 elementor-widget elementor-widget-text-editor\" data-id=\"6ffc143\" data-element_type=\"widget\" data-e-type=\"widget\" data-widget_type=\"text-editor.default\">\n\t\t\t\t<div class=\"elementor-widget-container\">\n\t\t\t\t\t\t\t\t\t<p><a href=\"https:\/\/francaisdanslemonde.fr\/episode\/soleil-fjords-lete-norvegien-de-cecile-moroni\">Radio des francais dans le monde &#8211; Ao\u00fbt 2025 (en francais) &#8211; Interview sur la sortie du livre &laquo;Le pays o\u00f9 les b\u00e9b\u00e9s dorment dehors&raquo;<\/a><\/p>\t\t\t\t\t\t\t\t<\/div>\n\t\t\t\t<\/div>\n\t\t\t\t\t<\/div>\n\t\t<\/div>\n\t\t\t\t<div class=\"elementor-column elementor-col-50 elementor-top-column elementor-element elementor-element-f03000e\" data-id=\"f03000e\" data-element_type=\"column\" data-e-type=\"column\">\n\t\t\t<div class=\"elementor-widget-wrap elementor-element-populated\">\n\t\t\t\t\t\t<div class=\"elementor-element elementor-element-bd349a2 elementor-widget elementor-widget-text-editor\" data-id=\"bd349a2\" data-element_type=\"widget\" data-e-type=\"widget\" data-widget_type=\"text-editor.default\">\n\t\t\t\t<div class=\"elementor-widget-container\">\n\t\t\t\t\t\t\t\t\t<p><a href=\"https:\/\/www.oavis.no\/cecile-moroni-kino-kolben\/allo-kolbotn-fransk-apning-for-lokal-filmklubb\/1124164\">Oppeg\u00e5rd Avis &#8211; Kinoklubb p\u00e5 Kolben &#8211; Aug 2025 (p\u00e5 norsk)<\/a><\/p>\t\t\t\t\t\t\t\t<\/div>\n\t\t\t\t<\/div>\n\t\t\t\t\t<\/div>\n\t\t<\/div>\n\t\t\t\t\t<\/div>\n\t\t<\/section>\n\t\t\t\t<section class=\"elementor-section elementor-top-section elementor-element elementor-element-ed183ef elementor-section-boxed elementor-section-height-default elementor-section-height-default\" data-id=\"ed183ef\" data-element_type=\"section\" data-e-type=\"section\">\n\t\t\t\t\t\t<div class=\"elementor-container elementor-column-gap-default\">\n\t\t\t\t\t<div class=\"elementor-column elementor-col-50 elementor-top-column elementor-element elementor-element-419a1a5\" data-id=\"419a1a5\" data-element_type=\"column\" data-e-type=\"column\">\n\t\t\t<div class=\"elementor-widget-wrap elementor-element-populated\">\n\t\t\t\t\t\t<div class=\"elementor-element elementor-element-6b6631d elementor-widget elementor-widget-text-editor\" data-id=\"6b6631d\" data-element_type=\"widget\" data-e-type=\"widget\" data-widget_type=\"text-editor.default\">\n\t\t\t\t<div class=\"elementor-widget-container\">\n\t\t\t\t\t\t\t\t\t<p><a href=\"https:\/\/radio.nrk.no\/podkast\/ukeslutt\/l_f50b19df-3093-44c9-8b19-df309324c9cf?utm_source=nrkradio&amp;utm_medium=delelenke-ios&amp;utm_content=podcast:l_f50b19df-3093-44c9-8b19-df309324c9cf#t=40m27s\">NRK &#8211; ukeslutt Mai 2025 (p\u00e5 norsk)<\/a><\/p>\t\t\t\t\t\t\t\t<\/div>\n\t\t\t\t<\/div>\n\t\t\t\t\t<\/div>\n\t\t<\/div>\n\t\t\t\t<div class=\"elementor-column elementor-col-50 elementor-top-column elementor-element elementor-element-9173195\" data-id=\"9173195\" data-element_type=\"column\" data-e-type=\"column\">\n\t\t\t<div class=\"elementor-widget-wrap elementor-element-populated\">\n\t\t\t\t\t\t<div class=\"elementor-element elementor-element-83fbd7b elementor-widget elementor-widget-text-editor\" data-id=\"83fbd7b\" data-element_type=\"widget\" data-e-type=\"widget\" data-widget_type=\"text-editor.default\">\n\t\t\t\t<div class=\"elementor-widget-container\">\n\t\t\t\t\t\t\t\t\t<p><a href=\"https:\/\/radio.nrk.no\/serie\/reiseradioen\/MUHR13002425?utm_source=nrkradio&amp;utm_medium=delelenke-ios&amp;utm_content=prf:MUHR13002425#t=1h28m8s\">NRK &#8211; Reiseradioen Juli 2025 (p\u00e5 norsk)<\/a><\/p>\t\t\t\t\t\t\t\t<\/div>\n\t\t\t\t<\/div>\n\t\t\t\t\t<\/div>\n\t\t<\/div>\n\t\t\t\t\t<\/div>\n\t\t<\/section>\n\t\t\t\t<section class=\"elementor-section elementor-top-section elementor-element elementor-element-75676ed elementor-section-boxed elementor-section-height-default elementor-section-height-default\" data-id=\"75676ed\" data-element_type=\"section\" data-e-type=\"section\">\n\t\t\t\t\t\t<div class=\"elementor-container elementor-column-gap-default\">\n\t\t\t\t\t<div class=\"elementor-column elementor-col-50 elementor-top-column elementor-element elementor-element-82a677f\" data-id=\"82a677f\" data-element_type=\"column\" data-e-type=\"column\">\n\t\t\t<div class=\"elementor-widget-wrap elementor-element-populated\">\n\t\t\t\t\t\t<div class=\"elementor-element elementor-element-9e8d3cf elementor-widget elementor-widget-text-editor\" data-id=\"9e8d3cf\" data-element_type=\"widget\" data-e-type=\"widget\" data-widget_type=\"text-editor.default\">\n\t\t\t\t<div class=\"elementor-widget-container\">\n\t\t\t\t\t\t\t\t\t<p><a href=\"https:\/\/play.tv2.no\/nyheter\/god-morgen-norge\/god-morgen-norge-2025-episode-87-2041405.html?play=true\">God Morgen Norge &#8211; Snakkispanelet &#8211; Mai 2025<\/a><\/p>\t\t\t\t\t\t\t\t<\/div>\n\t\t\t\t<\/div>\n\t\t\t\t\t<\/div>\n\t\t<\/div>\n\t\t\t\t<div class=\"elementor-column elementor-col-50 elementor-top-column elementor-element elementor-element-40542b3\" data-id=\"40542b3\" data-element_type=\"column\" data-e-type=\"column\">\n\t\t\t<div class=\"elementor-widget-wrap elementor-element-populated\">\n\t\t\t\t\t\t<div class=\"elementor-element elementor-element-05a0f69 elementor-widget elementor-widget-text-editor\" data-id=\"05a0f69\" data-element_type=\"widget\" data-e-type=\"widget\" data-widget_type=\"text-editor.default\">\n\t\t\t\t<div class=\"elementor-widget-container\">\n\t\t\t\t\t\t\t\t\t<p><a href=\"https:\/\/www.klikk.no\/foreldre\/dette-sporsmalet-bor-du-stille-barnet-ditt-7520686\">&laquo;Dette sp\u00f8rsm\u00e5let b\u00f8r du stille barnet ditt&raquo; Kronikk Foreldre og barn (p\u00e5 norsk) &#8211; Mai 2025<\/a><\/p>\t\t\t\t\t\t\t\t<\/div>\n\t\t\t\t<\/div>\n\t\t\t\t\t<\/div>\n\t\t<\/div>\n\t\t\t\t\t<\/div>\n\t\t<\/section>\n\t\t\t\t<section class=\"elementor-section elementor-top-section elementor-element elementor-element-bd56656 elementor-section-boxed elementor-section-height-default elementor-section-height-default\" data-id=\"bd56656\" data-element_type=\"section\" data-e-type=\"section\">\n\t\t\t\t\t\t<div class=\"elementor-container elementor-column-gap-default\">\n\t\t\t\t\t<div class=\"elementor-column elementor-col-50 elementor-top-column elementor-element elementor-element-01d02fa\" data-id=\"01d02fa\" data-element_type=\"column\" data-e-type=\"column\">\n\t\t\t<div class=\"elementor-widget-wrap elementor-element-populated\">\n\t\t\t\t\t\t<div class=\"elementor-element elementor-element-8079d49 elementor-widget elementor-widget-text-editor\" data-id=\"8079d49\" data-element_type=\"widget\" data-e-type=\"widget\" data-widget_type=\"text-editor.default\">\n\t\t\t\t<div class=\"elementor-widget-container\">\n\t\t\t\t\t\t\t\t\t<p><a href=\"https:\/\/open.spotify.com\/episode\/6zlZujEUDVXd15PjgGGgOs?si=VnaV2cyjS06P0QM9bRAXhQ\">Mr. Modig &#8211; Podkast av Svein Harald R\u00f8ine (p\u00e5 norsk) &#8211; April 2025<\/a><\/p>\t\t\t\t\t\t\t\t<\/div>\n\t\t\t\t<\/div>\n\t\t\t\t\t<\/div>\n\t\t<\/div>\n\t\t\t\t<div class=\"elementor-column elementor-col-50 elementor-top-column elementor-element elementor-element-64d79fa\" data-id=\"64d79fa\" data-element_type=\"column\" data-e-type=\"column\">\n\t\t\t<div class=\"elementor-widget-wrap elementor-element-populated\">\n\t\t\t\t\t\t<div class=\"elementor-element elementor-element-9adb19f elementor-widget elementor-widget-text-editor\" data-id=\"9adb19f\" data-element_type=\"widget\" data-e-type=\"widget\" data-widget_type=\"text-editor.default\">\n\t\t\t\t<div class=\"elementor-widget-container\">\n\t\t\t\t\t\t\t\t\t<p><a href=\"https:\/\/open.spotify.com\/episode\/2WpDqxF7Drrt0RFcyttDu5?si=raa74Qz-SOSPXODzzkAdyg\">Brisons la glace, podcast francais en Norv\u00e8ge (en francais) &#8211; Avril 2025<\/a><\/p>\t\t\t\t\t\t\t\t<\/div>\n\t\t\t\t<\/div>\n\t\t\t\t\t<\/div>\n\t\t<\/div>\n\t\t\t\t\t<\/div>\n\t\t<\/section>\n\t\t\t\t<section class=\"elementor-section elementor-top-section elementor-element elementor-element-911f062 elementor-section-boxed elementor-section-height-default elementor-section-height-default\" data-id=\"911f062\" data-element_type=\"section\" data-e-type=\"section\">\n\t\t\t\t\t\t<div class=\"elementor-container elementor-column-gap-default\">\n\t\t\t\t\t<div class=\"elementor-column elementor-col-50 elementor-top-column elementor-element elementor-element-1678eb1\" data-id=\"1678eb1\" data-element_type=\"column\" data-e-type=\"column\">\n\t\t\t<div class=\"elementor-widget-wrap elementor-element-populated\">\n\t\t\t\t\t\t<div class=\"elementor-element elementor-element-44ccc28 elementor-widget elementor-widget-text-editor\" data-id=\"44ccc28\" data-element_type=\"widget\" data-e-type=\"widget\" data-widget_type=\"text-editor.default\">\n\t\t\t\t<div class=\"elementor-widget-container\">\n\t\t\t\t\t\t\t\t\t<p><a href=\"https:\/\/www.nxtbook.fr\/newpress\/ESSEC\/Essec-Reflets-2503_156\/index.php\">Portrait &laquo;Reflets&raquo;, magazine des ESSEC Alumni (en francais) &#8211; Mars 2025<\/a><\/p>\t\t\t\t\t\t\t\t<\/div>\n\t\t\t\t<\/div>\n\t\t\t\t\t<\/div>\n\t\t<\/div>\n\t\t\t\t<div class=\"elementor-column elementor-col-50 elementor-top-column elementor-element elementor-element-e30271a\" data-id=\"e30271a\" data-element_type=\"column\" data-e-type=\"column\">\n\t\t\t<div class=\"elementor-widget-wrap elementor-element-populated\">\n\t\t\t\t\t\t<div class=\"elementor-element elementor-element-5916c18 elementor-widget elementor-widget-text-editor\" data-id=\"5916c18\" data-element_type=\"widget\" data-e-type=\"widget\" data-widget_type=\"text-editor.default\">\n\t\t\t\t<div class=\"elementor-widget-container\">\n\t\t\t\t\t\t\t\t\t<p><a href=\"https:\/\/www.essecalumni.com\/fr\/article\/essay-where-babies-sleep-outside-by-cecile-moroni-engevik-e08\/03\/03\/2025\/5664\/preview\">Article about book &laquo;Where babies sleep outside&raquo; (in English) ESSEC Alumni &#8211; March 2025<\/a><\/p>\t\t\t\t\t\t\t\t<\/div>\n\t\t\t\t<\/div>\n\t\t\t\t\t<\/div>\n\t\t<\/div>\n\t\t\t\t\t<\/div>\n\t\t<\/section>\n\t\t\t\t<section class=\"elementor-section elementor-top-section elementor-element elementor-element-194053d elementor-section-boxed elementor-section-height-default elementor-section-height-default\" data-id=\"194053d\" data-element_type=\"section\" data-e-type=\"section\">\n\t\t\t\t\t\t<div class=\"elementor-container elementor-column-gap-default\">\n\t\t\t\t\t<div class=\"elementor-column elementor-col-50 elementor-top-column elementor-element elementor-element-9e6fb1c\" data-id=\"9e6fb1c\" data-element_type=\"column\" data-e-type=\"column\">\n\t\t\t<div class=\"elementor-widget-wrap elementor-element-populated\">\n\t\t\t\t\t\t<div class=\"elementor-element elementor-element-cc51db0 elementor-widget elementor-widget-text-editor\" data-id=\"cc51db0\" data-element_type=\"widget\" data-e-type=\"widget\" data-widget_type=\"text-editor.default\">\n\t\t\t\t<div class=\"elementor-widget-container\">\n\t\t\t\t\t\t\t\t\t<p><a href=\"https:\/\/www.klikk.no\/foreldre\/kommentarer\/barn-sover-ute-rar-praksis-for-oss-utlendinger-7495372\">Kronikk og Barn som sover ute i Norge &laquo;Foreldre og barn&raquo; (p\u00e5 norsk) &#8211; Mars 2025<\/a><\/p>\t\t\t\t\t\t\t\t<\/div>\n\t\t\t\t<\/div>\n\t\t\t\t\t<\/div>\n\t\t<\/div>\n\t\t\t\t<div class=\"elementor-column elementor-col-50 elementor-top-column elementor-element elementor-element-362d71d\" data-id=\"362d71d\" data-element_type=\"column\" data-e-type=\"column\">\n\t\t\t<div class=\"elementor-widget-wrap elementor-element-populated\">\n\t\t\t\t\t\t<div class=\"elementor-element elementor-element-fb6413b elementor-widget elementor-widget-text-editor\" data-id=\"fb6413b\" data-element_type=\"widget\" data-e-type=\"widget\" data-widget_type=\"text-editor.default\">\n\t\t\t\t<div class=\"elementor-widget-container\">\n\t\t\t\t\t\t\t\t\t<p><a href=\"https:\/\/www.klikk.no\/foreldre\/kommentarer\/til-alle-som-tror-at-en-foreldrepermisjon-er-en-pause-7489704\">Kronikk om foreldrerollen &#8211; &laquo;Foreldre og barn&raquo; (p\u00e5 norsk) &#8211; Feb 2025<\/a><\/p>\t\t\t\t\t\t\t\t<\/div>\n\t\t\t\t<\/div>\n\t\t\t\t\t<\/div>\n\t\t<\/div>\n\t\t\t\t\t<\/div>\n\t\t<\/section>\n\t\t\t\t<section class=\"elementor-section elementor-top-section elementor-element elementor-element-c360b9f elementor-section-boxed elementor-section-height-default elementor-section-height-default\" data-id=\"c360b9f\" data-element_type=\"section\" data-e-type=\"section\">\n\t\t\t\t\t\t<div class=\"elementor-container elementor-column-gap-default\">\n\t\t\t\t\t<div class=\"elementor-column elementor-col-50 elementor-top-column elementor-element elementor-element-7698814\" data-id=\"7698814\" data-element_type=\"column\" data-e-type=\"column\">\n\t\t\t<div class=\"elementor-widget-wrap elementor-element-populated\">\n\t\t\t\t\t\t<div class=\"elementor-element elementor-element-5a4bc46 elementor-widget elementor-widget-text-editor\" data-id=\"5a4bc46\" data-element_type=\"widget\" data-e-type=\"widget\" data-widget_type=\"text-editor.default\">\n\t\t\t\t<div class=\"elementor-widget-container\">\n\t\t\t\t\t\t\t\t\t<p><a href=\"https:\/\/www.rfi.fr\/fr\/podcasts\/vivre-ailleurs\/20241221-les-particularit%C3%A9s-de-no%C3%ABl-en-norv%C3%A8ge-et-dans-les-pays-scandinaves\">Interview RFI &#8211; C\u00e9l\u00e9brer No\u00ebl en Norv\u00e8ge (en francais) Dec 2024<\/a><\/p>\t\t\t\t\t\t\t\t<\/div>\n\t\t\t\t<\/div>\n\t\t\t\t\t<\/div>\n\t\t<\/div>\n\t\t\t\t<div class=\"elementor-column elementor-col-50 elementor-top-column elementor-element elementor-element-c078125\" data-id=\"c078125\" data-element_type=\"column\" data-e-type=\"column\">\n\t\t\t<div class=\"elementor-widget-wrap elementor-element-populated\">\n\t\t\t\t\t\t<div class=\"elementor-element elementor-element-5c90ed7 elementor-widget elementor-widget-text-editor\" data-id=\"5c90ed7\" data-element_type=\"widget\" data-e-type=\"widget\" data-widget_type=\"text-editor.default\">\n\t\t\t\t<div class=\"elementor-widget-container\">\n\t\t\t\t\t\t\t\t\t<p><a href=\"https:\/\/alumni.rolandberger.com\/pages\/news\/alumni_in_focus\/doc2587277.xml\">Interview Roland Berger Alumni (in English) &#8211; Feb 2025<\/a><\/p>\t\t\t\t\t\t\t\t<\/div>\n\t\t\t\t<\/div>\n\t\t\t\t\t<\/div>\n\t\t<\/div>\n\t\t\t\t\t<\/div>\n\t\t<\/section>\n\t\t\t\t<section class=\"elementor-section elementor-top-section elementor-element elementor-element-cf2ce84 elementor-section-boxed elementor-section-height-default elementor-section-height-default\" data-id=\"cf2ce84\" data-element_type=\"section\" data-e-type=\"section\">\n\t\t\t\t\t\t<div class=\"elementor-container elementor-column-gap-default\">\n\t\t\t\t\t<div class=\"elementor-column elementor-col-50 elementor-top-column elementor-element elementor-element-8d56cf6\" data-id=\"8d56cf6\" data-element_type=\"column\" data-e-type=\"column\">\n\t\t\t<div class=\"elementor-widget-wrap elementor-element-populated\">\n\t\t\t\t\t\t<div class=\"elementor-element elementor-element-5cffbc8 elementor-widget elementor-widget-text-editor\" data-id=\"5cffbc8\" data-element_type=\"widget\" data-e-type=\"widget\" data-widget_type=\"text-editor.default\">\n\t\t\t\t<div class=\"elementor-widget-container\">\n\t\t\t\t\t\t\t\t\t<p><a href=\"https:\/\/www.consultor.fr\/articles\/la-consultante-de-roland-berger-paris-devenue-stand-uppeuse-a-oslo\">Consultor.fr Portrait (en francais) D\u00e9c 2024<\/a><\/p>\t\t\t\t\t\t\t\t<\/div>\n\t\t\t\t<\/div>\n\t\t\t\t\t<\/div>\n\t\t<\/div>\n\t\t\t\t<div class=\"elementor-column elementor-col-50 elementor-top-column elementor-element elementor-element-3856508\" data-id=\"3856508\" data-element_type=\"column\" data-e-type=\"column\">\n\t\t\t<div class=\"elementor-widget-wrap elementor-element-populated\">\n\t\t\t\t\t\t<div class=\"elementor-element elementor-element-a1e600a elementor-widget elementor-widget-text-editor\" data-id=\"a1e600a\" data-element_type=\"widget\" data-e-type=\"widget\" data-widget_type=\"text-editor.default\">\n\t\t\t\t<div class=\"elementor-widget-container\">\n\t\t\t\t\t\t\t\t\t<p><a href=\"https:\/\/www.dagsavisen.no\/debatt\/2024\/12\/11\/like-bra-at-jesus-ikke-var-med-i-luciafeiringen-i-barnehagen\/\">Kronikk Dagsavisen &laquo;Lucia feiring i Barnehage&raquo; (Dec 2024)<\/a><\/p>\t\t\t\t\t\t\t\t<\/div>\n\t\t\t\t<\/div>\n\t\t\t\t\t<\/div>\n\t\t<\/div>\n\t\t\t\t\t<\/div>\n\t\t<\/section>\n\t\t\t\t<section class=\"elementor-section elementor-top-section elementor-element elementor-element-09f4566 elementor-section-boxed elementor-section-height-default elementor-section-height-default\" data-id=\"09f4566\" data-element_type=\"section\" data-e-type=\"section\">\n\t\t\t\t\t\t<div class=\"elementor-container elementor-column-gap-default\">\n\t\t\t\t\t<div class=\"elementor-column elementor-col-50 elementor-top-column elementor-element elementor-element-f933119\" data-id=\"f933119\" data-element_type=\"column\" data-e-type=\"column\">\n\t\t\t<div class=\"elementor-widget-wrap elementor-element-populated\">\n\t\t\t\t\t\t<div class=\"elementor-element elementor-element-f8dd4e1 elementor-widget elementor-widget-text-editor\" data-id=\"f8dd4e1\" data-element_type=\"widget\" data-e-type=\"widget\" data-widget_type=\"text-editor.default\">\n\t\t\t\t<div class=\"elementor-widget-container\">\n\t\t\t\t\t\t\t\t\t<p><a href=\"https:\/\/alliancesolidaire.org\/2024\/11\/12\/lhumour-est-tres-culturel\/\">Interview Alliance Solidaire des Francais de l&#8217;\u00e9tranger (en francais) Nov 2024<\/a><\/p>\t\t\t\t\t\t\t\t<\/div>\n\t\t\t\t<\/div>\n\t\t\t\t\t<\/div>\n\t\t<\/div>\n\t\t\t\t<div class=\"elementor-column elementor-col-50 elementor-top-column elementor-element elementor-element-ea43350\" data-id=\"ea43350\" data-element_type=\"column\" data-e-type=\"column\">\n\t\t\t<div class=\"elementor-widget-wrap elementor-element-populated\">\n\t\t\t\t\t\t<div class=\"elementor-element elementor-element-095889e elementor-widget elementor-widget-text-editor\" data-id=\"095889e\" data-element_type=\"widget\" data-e-type=\"widget\" data-widget_type=\"text-editor.default\">\n\t\t\t\t<div class=\"elementor-widget-container\">\n\t\t\t\t\t\t\t\t\t<p><a href=\"https:\/\/online.flippingbook.com\/view\/1005568282\/48\/\">Prosjektledelse Spesialutgave 2024<\/a><\/p>\t\t\t\t\t\t\t\t<\/div>\n\t\t\t\t<\/div>\n\t\t\t\t\t<\/div>\n\t\t<\/div>\n\t\t\t\t\t<\/div>\n\t\t<\/section>\n\t\t\t\t<section class=\"elementor-section elementor-top-section elementor-element elementor-element-f1e68b2 elementor-section-boxed elementor-section-height-default elementor-section-height-default\" data-id=\"f1e68b2\" data-element_type=\"section\" data-e-type=\"section\">\n\t\t\t\t\t\t<div class=\"elementor-container elementor-column-gap-default\">\n\t\t\t\t\t<div class=\"elementor-column elementor-col-50 elementor-top-column elementor-element elementor-element-17e400d\" data-id=\"17e400d\" data-element_type=\"column\" data-e-type=\"column\">\n\t\t\t<div class=\"elementor-widget-wrap elementor-element-populated\">\n\t\t\t\t\t\t<div class=\"elementor-element elementor-element-4508381 elementor-widget elementor-widget-text-editor\" data-id=\"4508381\" data-element_type=\"widget\" data-e-type=\"widget\" data-widget_type=\"text-editor.default\">\n\t\t\t\t<div class=\"elementor-widget-container\">\n\t\t\t\t\t\t\t\t\t<p><a href=\"https:\/\/www.nettavisen.no\/norsk-debatt\/likestillingen-i-den-norske-barneoppdragelsen-er-forfriskende-for-oss-utlendinger\/o\/5-95-2067286\">Nettavisen kronikk &laquo;Norge er et paradis for \u00e5 oppdra barn&raquo; Okt 2024<\/a><\/p>\t\t\t\t\t\t\t\t<\/div>\n\t\t\t\t<\/div>\n\t\t\t\t\t<\/div>\n\t\t<\/div>\n\t\t\t\t<div class=\"elementor-column elementor-col-50 elementor-top-column elementor-element elementor-element-9403de4\" data-id=\"9403de4\" data-element_type=\"column\" data-e-type=\"column\">\n\t\t\t<div class=\"elementor-widget-wrap elementor-element-populated\">\n\t\t\t\t\t\t<div class=\"elementor-element elementor-element-93030a0 elementor-widget elementor-widget-text-editor\" data-id=\"93030a0\" data-element_type=\"widget\" data-e-type=\"widget\" data-widget_type=\"text-editor.default\">\n\t\t\t\t<div class=\"elementor-widget-container\">\n\t\t\t\t\t\t\t\t\t<p><a href=\"https:\/\/www.thelocal.no\/20241015\/interview-its-a-love-letter-to-how-norwegians-raise-their-children\">Interview in the Local Norway after the launch of &laquo;Where babies sleep outside&raquo; Oct 2024<\/a><\/p>\t\t\t\t\t\t\t\t<\/div>\n\t\t\t\t<\/div>\n\t\t\t\t\t<\/div>\n\t\t<\/div>\n\t\t\t\t\t<\/div>\n\t\t<\/section>\n\t\t\t\t<section class=\"elementor-section elementor-top-section elementor-element elementor-element-8351355 elementor-section-boxed elementor-section-height-default elementor-section-height-default\" data-id=\"8351355\" data-element_type=\"section\" data-e-type=\"section\">\n\t\t\t\t\t\t<div class=\"elementor-container elementor-column-gap-default\">\n\t\t\t\t\t<div class=\"elementor-column elementor-col-50 elementor-top-column elementor-element elementor-element-055a052\" data-id=\"055a052\" data-element_type=\"column\" data-e-type=\"column\">\n\t\t\t<div class=\"elementor-widget-wrap elementor-element-populated\">\n\t\t\t\t\t\t<div class=\"elementor-element elementor-element-4274766 elementor-widget elementor-widget-text-editor\" data-id=\"4274766\" data-element_type=\"widget\" data-e-type=\"widget\" data-widget_type=\"text-editor.default\">\n\t\t\t\t<div class=\"elementor-widget-container\">\n\t\t\t\t\t\t\t\t\t<p><a href=\"https:\/\/www.rfi.fr\/fr\/podcasts\/vivre-ailleurs\/20240928-en-norv%C3%A8ge-les-b%C3%A9b%C3%A9s-dorment-dehors-et-se-portent-bien\">Interview RFI (en francais) sept 2024 &#8211; lancement du livre &laquo;Where babies sleep outside&raquo;<\/a><\/p>\t\t\t\t\t\t\t\t<\/div>\n\t\t\t\t<\/div>\n\t\t\t\t\t<\/div>\n\t\t<\/div>\n\t\t\t\t<div class=\"elementor-column elementor-col-50 elementor-top-column elementor-element elementor-element-b691c8a\" data-id=\"b691c8a\" data-element_type=\"column\" data-e-type=\"column\">\n\t\t\t<div class=\"elementor-widget-wrap elementor-element-populated\">\n\t\t\t\t\t\t<div class=\"elementor-element elementor-element-ce04f4e elementor-widget elementor-widget-text-editor\" data-id=\"ce04f4e\" data-element_type=\"widget\" data-e-type=\"widget\" data-widget_type=\"text-editor.default\">\n\t\t\t\t<div class=\"elementor-widget-container\">\n\t\t\t\t\t\t\t\t\t<p><a href=\"https:\/\/www.ao.no\/c-cile-moroni-om-barneoppdragelse-i-norge\/o\/5-128-900208\">Avisa Oslo kronikk &laquo;Jeg bader i kj\u00e6rlighet og d\u00e5rlig samvittighet&raquo; Okt 2024<\/a><\/p>\t\t\t\t\t\t\t\t<\/div>\n\t\t\t\t<\/div>\n\t\t\t\t\t<\/div>\n\t\t<\/div>\n\t\t\t\t\t<\/div>\n\t\t<\/section>\n\t\t\t\t<section class=\"elementor-section elementor-top-section elementor-element elementor-element-7a6cfbc elementor-section-boxed elementor-section-height-default elementor-section-height-default\" data-id=\"7a6cfbc\" data-element_type=\"section\" data-e-type=\"section\">\n\t\t\t\t\t\t<div class=\"elementor-container elementor-column-gap-default\">\n\t\t\t\t\t<div class=\"elementor-column elementor-col-50 elementor-top-column elementor-element elementor-element-6ebf4e5\" data-id=\"6ebf4e5\" data-element_type=\"column\" data-e-type=\"column\">\n\t\t\t<div class=\"elementor-widget-wrap elementor-element-populated\">\n\t\t\t\t\t\t<div class=\"elementor-element elementor-element-7189aae elementor-widget elementor-widget-text-editor\" data-id=\"7189aae\" data-element_type=\"widget\" data-e-type=\"widget\" data-widget_type=\"text-editor.default\">\n\t\t\t\t<div class=\"elementor-widget-container\">\n\t\t\t\t\t\t\t\t\t<p><a href=\"https:\/\/lepetitjournal.com\/expat-pratique\/education\/cecile-moroni-parents-scandinaves-laissent-enfants-dormir-dehors-393370\">Interview Le Petit Journal (en francais) sept 2024 &#8211; lancement du livre &laquo;Where babies sleep outside&raquo;<\/a><\/p>\t\t\t\t\t\t\t\t<\/div>\n\t\t\t\t<\/div>\n\t\t\t\t\t<\/div>\n\t\t<\/div>\n\t\t\t\t<div class=\"elementor-column elementor-col-50 elementor-top-column elementor-element elementor-element-70f6b32\" data-id=\"70f6b32\" data-element_type=\"column\" data-e-type=\"column\">\n\t\t\t<div class=\"elementor-widget-wrap elementor-element-populated\">\n\t\t\t\t\t\t<div class=\"elementor-element elementor-element-278a86b elementor-widget elementor-widget-text-editor\" data-id=\"278a86b\" data-element_type=\"widget\" data-e-type=\"widget\" data-widget_type=\"text-editor.default\">\n\t\t\t\t<div class=\"elementor-widget-container\">\n\t\t\t\t\t\t\t\t\t<p><a href=\"https:\/\/francaisdanslemonde.fr\/episode\/cecile-moroni-les-bebes-dorment-dehors-en-norvege\/\">Podcast Radio des Francais dans le monde &#8211; lancement du livre &laquo;Where babies sleep outside&raquo; Sept 2024<\/a><\/p>\t\t\t\t\t\t\t\t<\/div>\n\t\t\t\t<\/div>\n\t\t\t\t\t<\/div>\n\t\t<\/div>\n\t\t\t\t\t<\/div>\n\t\t<\/section>\n\t\t\t\t<section class=\"elementor-section elementor-top-section elementor-element elementor-element-5196ee5 elementor-section-boxed elementor-section-height-default elementor-section-height-default\" data-id=\"5196ee5\" data-element_type=\"section\" data-e-type=\"section\">\n\t\t\t\t\t\t<div class=\"elementor-container elementor-column-gap-default\">\n\t\t\t\t\t<div class=\"elementor-column elementor-col-50 elementor-top-column elementor-element elementor-element-675dc65\" data-id=\"675dc65\" data-element_type=\"column\" data-e-type=\"column\">\n\t\t\t<div class=\"elementor-widget-wrap elementor-element-populated\">\n\t\t\t\t\t\t<div class=\"elementor-element elementor-element-3e5f5e1 elementor-widget elementor-widget-text-editor\" data-id=\"3e5f5e1\" data-element_type=\"widget\" data-e-type=\"widget\" data-widget_type=\"text-editor.default\">\n\t\t\t\t<div class=\"elementor-widget-container\">\n\t\t\t\t\t\t\t\t\t<p><a href=\"https:\/\/www.kk.no\/meninger\/det-er-som-a-legge-en-baby-i-fryseboksen\/81937902\">KK Kronikk ifm boken &laquo;Where babies sleep outside&raquo; Sept 2024<\/a><\/p>\t\t\t\t\t\t\t\t<\/div>\n\t\t\t\t<\/div>\n\t\t\t\t\t<\/div>\n\t\t<\/div>\n\t\t\t\t<div class=\"elementor-column elementor-col-50 elementor-top-column elementor-element elementor-element-3dc4b82\" data-id=\"3dc4b82\" data-element_type=\"column\" data-e-type=\"column\">\n\t\t\t<div class=\"elementor-widget-wrap elementor-element-populated\">\n\t\t\t\t\t\t<div class=\"elementor-element elementor-element-d3638e9 elementor-widget elementor-widget-text-editor\" data-id=\"d3638e9\" data-element_type=\"widget\" data-e-type=\"widget\" data-widget_type=\"text-editor.default\">\n\t\t\t\t<div class=\"elementor-widget-container\">\n\t\t\t\t\t\t\t\t\t<p><a href=\"https:\/\/www.dagbladet.no\/meninger\/i-norge-sover-barn-ute\/81919955\">Dagbladet kronikk ifm boken &laquo;Where babies sleep outside&raquo; Sept 2024<\/a><\/p>\t\t\t\t\t\t\t\t<\/div>\n\t\t\t\t<\/div>\n\t\t\t\t\t<\/div>\n\t\t<\/div>\n\t\t\t\t\t<\/div>\n\t\t<\/section>\n\t\t\t\t<section class=\"elementor-section elementor-top-section elementor-element elementor-element-993b8a5 elementor-section-boxed elementor-section-height-default elementor-section-height-default\" data-id=\"993b8a5\" data-element_type=\"section\" data-e-type=\"section\">\n\t\t\t\t\t\t<div class=\"elementor-container elementor-column-gap-default\">\n\t\t\t\t\t<div class=\"elementor-column elementor-col-50 elementor-top-column elementor-element elementor-element-81f9f26\" data-id=\"81f9f26\" data-element_type=\"column\" data-e-type=\"column\">\n\t\t\t<div class=\"elementor-widget-wrap elementor-element-populated\">\n\t\t\t\t\t\t<div class=\"elementor-element elementor-element-aeba3ea elementor-widget elementor-widget-text-editor\" data-id=\"aeba3ea\" data-element_type=\"widget\" data-e-type=\"widget\" data-widget_type=\"text-editor.default\">\n\t\t\t\t<div class=\"elementor-widget-container\">\n\t\t\t\t\t\t\t\t\t<p><a href=\"https:\/\/radio.nrk.no\/serie\/mp3-klubben\/MYNF24017324?utm_source=nrkradio&amp;utm_medium=delelenke-ios&amp;utm_content=prf:MYNF24017324#t=1h7m59s\">mP3 klubben NRK Aug 2024<\/a><\/p>\t\t\t\t\t\t\t\t<\/div>\n\t\t\t\t<\/div>\n\t\t\t\t\t<\/div>\n\t\t<\/div>\n\t\t\t\t<div class=\"elementor-column elementor-col-50 elementor-top-column elementor-element elementor-element-a0a3cec\" data-id=\"a0a3cec\" data-element_type=\"column\" data-e-type=\"column\">\n\t\t\t<div class=\"elementor-widget-wrap elementor-element-populated\">\n\t\t\t\t\t\t<div class=\"elementor-element elementor-element-f095fd5 elementor-widget elementor-widget-text-editor\" data-id=\"f095fd5\" data-element_type=\"widget\" data-e-type=\"widget\" data-widget_type=\"text-editor.default\">\n\t\t\t\t<div class=\"elementor-widget-container\">\n\t\t\t\t\t\t\t\t\t<p><a href=\"https:\/\/www.noblad.no\/fra-paris-til-nordstrand-c-cile-moronis-kjarlighetsbrev-til-den-norsk-barneoppdragelsen\/f\/5-56-854716\">Intervju Nordstrand Blad ifm boken &laquo;Where babies sleep outside&raquo; Sept 2024 (p\u00e5 norsk)<\/a><\/p>\t\t\t\t\t\t\t\t<\/div>\n\t\t\t\t<\/div>\n\t\t\t\t\t<\/div>\n\t\t<\/div>\n\t\t\t\t\t<\/div>\n\t\t<\/section>\n\t\t\t\t<section class=\"elementor-section elementor-top-section elementor-element elementor-element-c5f769c elementor-section-boxed elementor-section-height-default elementor-section-height-default\" data-id=\"c5f769c\" data-element_type=\"section\" data-e-type=\"section\">\n\t\t\t\t\t\t<div class=\"elementor-container elementor-column-gap-default\">\n\t\t\t\t\t<div class=\"elementor-column elementor-col-50 elementor-top-column elementor-element elementor-element-aeadd82\" data-id=\"aeadd82\" data-element_type=\"column\" data-e-type=\"column\">\n\t\t\t<div class=\"elementor-widget-wrap elementor-element-populated\">\n\t\t\t\t\t\t<div class=\"elementor-element elementor-element-958cfc1 elementor-widget elementor-widget-text-editor\" data-id=\"958cfc1\" data-element_type=\"widget\" data-e-type=\"widget\" data-widget_type=\"text-editor.default\">\n\t\t\t\t<div class=\"elementor-widget-container\">\n\t\t\t\t\t\t\t\t\t<p><a href=\"https:\/\/www.aftenposten.no\/meninger\/kronikk\/i\/GyM84q\/komikerkronikk-av-cecile-moroni-har-jeg-flyttet-til-verdens-rikeste-land-eller-tilbake-i-tid\">Komikerkronikk Aftenposten juli 2024<\/a><\/p>\t\t\t\t\t\t\t\t<\/div>\n\t\t\t\t<\/div>\n\t\t\t\t\t<\/div>\n\t\t<\/div>\n\t\t\t\t<div class=\"elementor-column elementor-col-50 elementor-top-column elementor-element elementor-element-f4b5001\" data-id=\"f4b5001\" data-element_type=\"column\" data-e-type=\"column\">\n\t\t\t<div class=\"elementor-widget-wrap elementor-element-populated\">\n\t\t\t\t\t\t<div class=\"elementor-element elementor-element-43d59bc elementor-widget elementor-widget-text-editor\" data-id=\"43d59bc\" data-element_type=\"widget\" data-e-type=\"widget\" data-widget_type=\"text-editor.default\">\n\t\t\t\t<div class=\"elementor-widget-container\">\n\t\t\t\t\t\t\t\t\t<p><a href=\"https:\/\/radio.nrk.no\/serie\/reiseradioen\/sesong\/202408\/MUHR13004824\">Reiseradioen NRK Aug 2024<\/a><\/p>\t\t\t\t\t\t\t\t<\/div>\n\t\t\t\t<\/div>\n\t\t\t\t\t<\/div>\n\t\t<\/div>\n\t\t\t\t\t<\/div>\n\t\t<\/section>\n\t\t\t\t<section class=\"elementor-section elementor-top-section elementor-element elementor-element-b558753 elementor-section-boxed elementor-section-height-default elementor-section-height-default\" data-id=\"b558753\" data-element_type=\"section\" data-e-type=\"section\">\n\t\t\t\t\t\t<div class=\"elementor-container elementor-column-gap-default\">\n\t\t\t\t\t<div class=\"elementor-column elementor-col-50 elementor-top-column elementor-element elementor-element-3d3b86c\" data-id=\"3d3b86c\" data-element_type=\"column\" data-e-type=\"column\">\n\t\t\t<div class=\"elementor-widget-wrap elementor-element-populated\">\n\t\t\t\t\t\t<div class=\"elementor-element elementor-element-15c3e39 elementor-widget elementor-widget-text-editor\" data-id=\"15c3e39\" data-element_type=\"widget\" data-e-type=\"widget\" data-widget_type=\"text-editor.default\">\n\t\t\t\t<div class=\"elementor-widget-container\">\n\t\t\t\t\t\t\t\t\t<p><a href=\"https:\/\/youtu.be\/YAMZp72SRfs?si=a6lAWmV4m78DTY9G\">Reportage France 24 (en francais) mars 2024<\/a><\/p>\t\t\t\t\t\t\t\t<\/div>\n\t\t\t\t<\/div>\n\t\t\t\t\t<\/div>\n\t\t<\/div>\n\t\t\t\t<div class=\"elementor-column elementor-col-50 elementor-top-column elementor-element elementor-element-b30d534\" data-id=\"b30d534\" data-element_type=\"column\" data-e-type=\"column\">\n\t\t\t<div class=\"elementor-widget-wrap elementor-element-populated\">\n\t\t\t\t\t\t<div class=\"elementor-element elementor-element-dd62425 elementor-widget elementor-widget-text-editor\" data-id=\"dd62425\" data-element_type=\"widget\" data-e-type=\"widget\" data-widget_type=\"text-editor.default\">\n\t\t\t\t<div class=\"elementor-widget-container\">\n\t\t\t\t\t\t\t\t\t<p><a href=\"https:\/\/www.rfi.fr\/fr\/podcasts\/vivre-ailleurs\/20240330-c%C3%A9cile-moroni-la-laur%C3%A9ate-culture-art-de-vivre-des-12%C3%A8-troph%C3%A9es-des-fran%C3%A7ais-de-l-%C3%A9tranger\">Reportage RFI (en francais)<\/a> mars 2024<\/p>\t\t\t\t\t\t\t\t<\/div>\n\t\t\t\t<\/div>\n\t\t\t\t\t<\/div>\n\t\t<\/div>\n\t\t\t\t\t<\/div>\n\t\t<\/section>\n\t\t\t\t<section class=\"elementor-section elementor-top-section elementor-element elementor-element-1464fe5 elementor-section-boxed elementor-section-height-default elementor-section-height-default\" data-id=\"1464fe5\" data-element_type=\"section\" data-e-type=\"section\">\n\t\t\t\t\t\t<div class=\"elementor-container elementor-column-gap-default\">\n\t\t\t\t\t<div class=\"elementor-column elementor-col-50 elementor-top-column elementor-element elementor-element-cdcf16a\" data-id=\"cdcf16a\" data-element_type=\"column\" data-e-type=\"column\">\n\t\t\t<div class=\"elementor-widget-wrap elementor-element-populated\">\n\t\t\t\t\t\t<div class=\"elementor-element elementor-element-01ba91a elementor-widget__width-initial elementor-widget elementor-widget-text-editor\" data-id=\"01ba91a\" data-element_type=\"widget\" data-e-type=\"widget\" data-widget_type=\"text-editor.default\">\n\t\t\t\t<div class=\"elementor-widget-container\">\n\t\t\t\t\t\t\t\t\t<p><a href=\"https:\/\/play.tv2.no\/nyheter\/god-morgen-norge?utm_source=share\">God morgen Norge (p\u00e5 norsk) april 2024<\/a><\/p>\t\t\t\t\t\t\t\t<\/div>\n\t\t\t\t<\/div>\n\t\t\t\t\t<\/div>\n\t\t<\/div>\n\t\t\t\t<div class=\"elementor-column elementor-col-50 elementor-top-column elementor-element elementor-element-594585c\" data-id=\"594585c\" data-element_type=\"column\" data-e-type=\"column\">\n\t\t\t<div class=\"elementor-widget-wrap elementor-element-populated\">\n\t\t\t\t\t\t<div class=\"elementor-element elementor-element-72fcd78 elementor-widget elementor-widget-text-editor\" data-id=\"72fcd78\" data-element_type=\"widget\" data-e-type=\"widget\" data-widget_type=\"text-editor.default\">\n\t\t\t\t<div class=\"elementor-widget-container\">\n\t\t\t\t\t\t\t\t\t<p><a href=\"https:\/\/www.youtube.com\/watch?v=O3zQFuHcpvE\">Interview le petit journal (en francais) mars 2024<\/a><\/p>\t\t\t\t\t\t\t\t<\/div>\n\t\t\t\t<\/div>\n\t\t\t\t\t<\/div>\n\t\t<\/div>\n\t\t\t\t\t<\/div>\n\t\t<\/section>\n\t\t\t\t<section class=\"elementor-section elementor-top-section elementor-element elementor-element-ce787de elementor-section-boxed elementor-section-height-default elementor-section-height-default\" data-id=\"ce787de\" data-element_type=\"section\" data-e-type=\"section\">\n\t\t\t\t\t\t<div class=\"elementor-container elementor-column-gap-default\">\n\t\t\t\t\t<div class=\"elementor-column elementor-col-50 elementor-top-column elementor-element elementor-element-aabc86c\" data-id=\"aabc86c\" data-element_type=\"column\" data-e-type=\"column\">\n\t\t\t<div class=\"elementor-widget-wrap elementor-element-populated\">\n\t\t\t\t\t\t<div class=\"elementor-element elementor-element-1e88bf9 elementor-widget elementor-widget-text-editor\" data-id=\"1e88bf9\" data-element_type=\"widget\" data-e-type=\"widget\" data-widget_type=\"text-editor.default\">\n\t\t\t\t<div class=\"elementor-widget-container\">\n\t\t\t\t\t\t\t\t\t<p><a href=\"https:\/\/lepetitjournal.com\/stockholm\/actualites\/cecile-moroni-prix-meilleur-humoriste-annee-norvege-387573\">Article ST\u00c5 OPP Prisen &#8211; Le Petit Journal (en francais) juin 2024<\/a><\/p>\t\t\t\t\t\t\t\t<\/div>\n\t\t\t\t<\/div>\n\t\t\t\t\t<\/div>\n\t\t<\/div>\n\t\t\t\t<div class=\"elementor-column elementor-col-50 elementor-top-column elementor-element elementor-element-116a0ca\" data-id=\"116a0ca\" data-element_type=\"column\" data-e-type=\"column\">\n\t\t\t<div class=\"elementor-widget-wrap elementor-element-populated\">\n\t\t\t\t\t\t<div class=\"elementor-element elementor-element-7eaa947 elementor-widget elementor-widget-text-editor\" data-id=\"7eaa947\" data-element_type=\"widget\" data-e-type=\"widget\" data-widget_type=\"text-editor.default\">\n\t\t\t\t<div class=\"elementor-widget-container\">\n\t\t\t\t\t\t\t\t\t<p><a href=\"https:\/\/smartpod.no\/shows\/radiofrokost\/episode\/63066\/Dum-p%C3%A5-ferie\">Interview P4 August 2024 (p\u00e5 norsk)<\/a><\/p>\t\t\t\t\t\t\t\t<\/div>\n\t\t\t\t<\/div>\n\t\t\t\t\t<\/div>\n\t\t<\/div>\n\t\t\t\t\t<\/div>\n\t\t<\/section>\n\t\t\t\t<section class=\"elementor-section elementor-top-section elementor-element elementor-element-77d8f7e elementor-section-boxed elementor-section-height-default elementor-section-height-default\" data-id=\"77d8f7e\" data-element_type=\"section\" data-e-type=\"section\">\n\t\t\t\t\t\t<div class=\"elementor-container elementor-column-gap-default\">\n\t\t\t\t\t<div class=\"elementor-column elementor-col-50 elementor-top-column elementor-element elementor-element-d279a07\" data-id=\"d279a07\" data-element_type=\"column\" data-e-type=\"column\">\n\t\t\t<div class=\"elementor-widget-wrap elementor-element-populated\">\n\t\t\t\t\t\t<div class=\"elementor-element elementor-element-09c7169 elementor-widget elementor-widget-text-editor\" data-id=\"09c7169\" data-element_type=\"widget\" data-e-type=\"widget\" data-widget_type=\"text-editor.default\">\n\t\t\t\t<div class=\"elementor-widget-container\">\n\t\t\t\t\t\t\t\t\t<p><a href=\"https:\/\/lepetitjournal.com\/trophees\/lexcellence-resilience-francais-etranger-trophees-quai-orsay-381384\">Troph\u00e9e des Francais de l&#8217;\u00e9tranger &#8211; Le Petit Journal (article en francais) mars 2024<\/a><\/p>\t\t\t\t\t\t\t\t<\/div>\n\t\t\t\t<\/div>\n\t\t\t\t\t<\/div>\n\t\t<\/div>\n\t\t\t\t<div class=\"elementor-column elementor-col-50 elementor-top-column elementor-element elementor-element-44bada3\" data-id=\"44bada3\" data-element_type=\"column\" data-e-type=\"column\">\n\t\t\t<div class=\"elementor-widget-wrap elementor-element-populated\">\n\t\t\t\t\t\t<div class=\"elementor-element elementor-element-66f7f4e elementor-widget elementor-widget-text-editor\" data-id=\"66f7f4e\" data-element_type=\"widget\" data-e-type=\"widget\" data-widget_type=\"text-editor.default\">\n\t\t\t\t<div class=\"elementor-widget-container\">\n\t\t\t\t\t\t\t\t\t<p><a href=\"https:\/\/francaisdanslemonde.fr\/episode\/cecile-moroni-gagne-le-trophee-culture-art-de-vivre-elle-est-humoriste-en-norvege\/\">Podcast radio des Francais dans le monde &#8211; Troph\u00e9e des Francais de l&#8217;\u00e9tranger (en francais)\u00a0 mars 2024<\/a><\/p>\t\t\t\t\t\t\t\t<\/div>\n\t\t\t\t<\/div>\n\t\t\t\t\t<\/div>\n\t\t<\/div>\n\t\t\t\t\t<\/div>\n\t\t<\/section>\n\t\t\t\t<section class=\"elementor-section elementor-top-section elementor-element elementor-element-d9f70db elementor-section-boxed elementor-section-height-default elementor-section-height-default\" data-id=\"d9f70db\" data-element_type=\"section\" data-e-type=\"section\">\n\t\t\t\t\t\t<div class=\"elementor-container elementor-column-gap-default\">\n\t\t\t\t\t<div class=\"elementor-column elementor-col-50 elementor-top-column elementor-element elementor-element-7cf47f7\" data-id=\"7cf47f7\" data-element_type=\"column\" data-e-type=\"column\">\n\t\t\t<div class=\"elementor-widget-wrap elementor-element-populated\">\n\t\t\t\t\t\t<div class=\"elementor-element elementor-element-ed05c82 elementor-widget elementor-widget-text-editor\" data-id=\"ed05c82\" data-element_type=\"widget\" data-e-type=\"widget\" data-widget_type=\"text-editor.default\">\n\t\t\t\t<div class=\"elementor-widget-container\">\n\t\t\t\t\t\t\t\t\t<p><a href=\"https:\/\/radio.nrk.no\/serie\/distriktsprogram-oestlandssendingen\/sesong\/202402\/DKOA01002424?utm_source=nrkradio&amp;utm_medium=delelenke-ios&amp;utm_content=prf:DKOA01002424\">Intervju NRK Radio (p\u00e5 norsk) 02.02.2024<\/a><\/p>\t\t\t\t\t\t\t\t<\/div>\n\t\t\t\t<\/div>\n\t\t\t\t\t<\/div>\n\t\t<\/div>\n\t\t\t\t<div class=\"elementor-column elementor-col-50 elementor-top-column elementor-element elementor-element-9330e6d\" data-id=\"9330e6d\" data-element_type=\"column\" data-e-type=\"column\">\n\t\t\t<div class=\"elementor-widget-wrap elementor-element-populated\">\n\t\t\t\t\t\t<div class=\"elementor-element elementor-element-b004bc2 elementor-widget elementor-widget-text-editor\" data-id=\"b004bc2\" data-element_type=\"widget\" data-e-type=\"widget\" data-widget_type=\"text-editor.default\">\n\t\t\t\t<div class=\"elementor-widget-container\">\n\t\t\t\t\t\t\t\t\t<p><a href=\"https:\/\/radio.nrk.no\/serie\/distriktsprogram-oestlandssendingen\/DKOA01005924\">Intervju NRK Radio (p\u00e5 norsk) 22.03.2024<\/a><\/p>\t\t\t\t\t\t\t\t<\/div>\n\t\t\t\t<\/div>\n\t\t\t\t\t<\/div>\n\t\t<\/div>\n\t\t\t\t\t<\/div>\n\t\t<\/section>\n\t\t\t\t<section class=\"elementor-section elementor-top-section elementor-element elementor-element-97d6cb8 elementor-section-boxed elementor-section-height-default elementor-section-height-default\" data-id=\"97d6cb8\" data-element_type=\"section\" data-e-type=\"section\">\n\t\t\t\t\t\t<div class=\"elementor-container elementor-column-gap-default\">\n\t\t\t\t\t<div class=\"elementor-column elementor-col-50 elementor-top-column elementor-element elementor-element-2c4a63d\" data-id=\"2c4a63d\" data-element_type=\"column\" data-e-type=\"column\">\n\t\t\t<div class=\"elementor-widget-wrap elementor-element-populated\">\n\t\t\t\t\t\t<div class=\"elementor-element elementor-element-1ed23ef elementor-widget elementor-widget-text-editor\" data-id=\"1ed23ef\" data-element_type=\"widget\" data-e-type=\"widget\" data-widget_type=\"text-editor.default\">\n\t\t\t\t<div class=\"elementor-widget-container\">\n\t\t\t\t\t\t\t\t\t<p>Dagsavisen &#8211; kronikk &laquo;En hyllest til barnehage-ansatte&raquo; juni 2023 (p\u00e5 norsk)<\/p>\t\t\t\t\t\t\t\t<\/div>\n\t\t\t\t<\/div>\n\t\t\t\t\t<\/div>\n\t\t<\/div>\n\t\t\t\t<div class=\"elementor-column elementor-col-50 elementor-top-column elementor-element elementor-element-5aeb047\" data-id=\"5aeb047\" data-element_type=\"column\" data-e-type=\"column\">\n\t\t\t<div class=\"elementor-widget-wrap elementor-element-populated\">\n\t\t\t\t\t\t<div class=\"elementor-element elementor-element-19e4fa7 elementor-widget elementor-widget-text-editor\" data-id=\"19e4fa7\" data-element_type=\"widget\" data-e-type=\"widget\" data-widget_type=\"text-editor.default\">\n\t\t\t\t<div class=\"elementor-widget-container\">\n\t\t\t\t\t\t\t\t\t<p><a href=\"https:\/\/www.dagbladet.no\/meninger\/jeg-besvimte-nesten\/79294183\">Dagbladet &#8211; kronikk &laquo;17 mai for oss utlendinger&raquo; juni 2023<\/a><\/p>\t\t\t\t\t\t\t\t<\/div>\n\t\t\t\t<\/div>\n\t\t\t\t\t<\/div>\n\t\t<\/div>\n\t\t\t\t\t<\/div>\n\t\t<\/section>\n\t\t\t\t<section class=\"elementor-section elementor-top-section elementor-element elementor-element-b34232a elementor-section-boxed elementor-section-height-default elementor-section-height-default\" data-id=\"b34232a\" data-element_type=\"section\" data-e-type=\"section\">\n\t\t\t\t\t\t<div class=\"elementor-container elementor-column-gap-default\">\n\t\t\t\t\t<div class=\"elementor-column elementor-col-50 elementor-top-column elementor-element elementor-element-e5e9249\" data-id=\"e5e9249\" data-element_type=\"column\" data-e-type=\"column\">\n\t\t\t<div class=\"elementor-widget-wrap elementor-element-populated\">\n\t\t\t\t\t\t<div class=\"elementor-element elementor-element-9029794 elementor-widget elementor-widget-text-editor\" data-id=\"9029794\" data-element_type=\"widget\" data-e-type=\"widget\" data-widget_type=\"text-editor.default\">\n\t\t\t\t<div class=\"elementor-widget-container\">\n\t\t\t\t\t\t\t\t\t<p style=\"text-align: left;\"><a href=\"https:\/\/no.ambafrance.org\/Faire-connaissance-avec-Cecile-Moroni-actrice-de-stand-up\">Portrait fait par l&#8217;ambassade de France en Norv\u00e8ge (vid\u00e9o en francais) fevrier 2022<\/a><\/p>\t\t\t\t\t\t\t\t<\/div>\n\t\t\t\t<\/div>\n\t\t\t\t\t<\/div>\n\t\t<\/div>\n\t\t\t\t<div class=\"elementor-column elementor-col-50 elementor-top-column elementor-element elementor-element-dc6d513\" data-id=\"dc6d513\" data-element_type=\"column\" data-e-type=\"column\">\n\t\t\t<div class=\"elementor-widget-wrap elementor-element-populated\">\n\t\t\t\t\t\t<div class=\"elementor-element elementor-element-167398b elementor-widget elementor-widget-text-editor\" data-id=\"167398b\" data-element_type=\"widget\" data-e-type=\"widget\" data-widget_type=\"text-editor.default\">\n\t\t\t\t<div class=\"elementor-widget-container\">\n\t\t\t\t\t\t\t\t\t<p style=\"text-align: left;\"><a href=\"https:\/\/lanorvege.no\/portrait-de-cecile-moroni-de-dirigeante-d-entreprise-a-humoriste\/\">lanorvege.no (interview en francais)\u00a0 fevrier 2022<\/a><\/p>\t\t\t\t\t\t\t\t<\/div>\n\t\t\t\t<\/div>\n\t\t\t\t\t<\/div>\n\t\t<\/div>\n\t\t\t\t\t<\/div>\n\t\t<\/section>\n\t\t\t\t<section class=\"elementor-section elementor-top-section elementor-element elementor-element-449232d elementor-section-boxed elementor-section-height-default elementor-section-height-default\" data-id=\"449232d\" data-element_type=\"section\" data-e-type=\"section\">\n\t\t\t\t\t\t<div class=\"elementor-container elementor-column-gap-default\">\n\t\t\t\t\t<div class=\"elementor-column elementor-col-50 elementor-top-column elementor-element elementor-element-2580404\" data-id=\"2580404\" data-element_type=\"column\" data-e-type=\"column\">\n\t\t\t<div class=\"elementor-widget-wrap elementor-element-populated\">\n\t\t\t\t\t\t<div class=\"elementor-element elementor-element-263eff4 elementor-widget elementor-widget-text-editor\" data-id=\"263eff4\" data-element_type=\"widget\" data-e-type=\"widget\" data-widget_type=\"text-editor.default\">\n\t\t\t\t<div class=\"elementor-widget-container\">\n\t\t\t\t\t\t\t\t\t<p><div class=\"ast-oembed-container\" style=\"height: 100%;\"><iframe title=\"C\u00e9cile Moroni - Humoriste fran\u00e7aise en Norv\u00e8ge (1\/2)\" width=\"500\" height=\"281\" src=\"https:\/\/www.youtube.com\/embed\/QJ6kZ8Le_2M?feature=oembed\" frameborder=\"0\" allow=\"accelerometer; autoplay; clipboard-write; encrypted-media; gyroscope; picture-in-picture; web-share\" referrerpolicy=\"strict-origin-when-cross-origin\" allowfullscreen><\/iframe><\/div><\/p>\t\t\t\t\t\t\t\t<\/div>\n\t\t\t\t<\/div>\n\t\t\t\t\t<\/div>\n\t\t<\/div>\n\t\t\t\t<div class=\"elementor-column elementor-col-50 elementor-top-column elementor-element elementor-element-04dd4ff\" data-id=\"04dd4ff\" data-element_type=\"column\" data-e-type=\"column\">\n\t\t\t<div class=\"elementor-widget-wrap elementor-element-populated\">\n\t\t\t\t\t\t<div class=\"elementor-element elementor-element-d6eb4e6 elementor-widget elementor-widget-text-editor\" data-id=\"d6eb4e6\" data-element_type=\"widget\" data-e-type=\"widget\" data-widget_type=\"text-editor.default\">\n\t\t\t\t<div class=\"elementor-widget-container\">\n\t\t\t\t\t\t\t\t\t<p><div class=\"ast-oembed-container\" style=\"height: 100%;\"><iframe title=\"C\u00e9cile Moroni - Humoriste fran\u00e7aise en Norv\u00e8ge (2\/2)\" width=\"500\" height=\"281\" src=\"https:\/\/www.youtube.com\/embed\/YlP3_eQLbcM?feature=oembed\" frameborder=\"0\" allow=\"accelerometer; autoplay; clipboard-write; encrypted-media; gyroscope; picture-in-picture; web-share\" referrerpolicy=\"strict-origin-when-cross-origin\" allowfullscreen><\/iframe><\/div><\/p>\t\t\t\t\t\t\t\t<\/div>\n\t\t\t\t<\/div>\n\t\t\t\t\t<\/div>\n\t\t<\/div>\n\t\t\t\t\t<\/div>\n\t\t<\/section>\n\t\t\t\t<section class=\"elementor-section elementor-top-section elementor-element elementor-element-0b05b08 elementor-section-boxed elementor-section-height-default elementor-section-height-default\" data-id=\"0b05b08\" data-element_type=\"section\" data-e-type=\"section\">\n\t\t\t\t\t\t<div class=\"elementor-container elementor-column-gap-default\">\n\t\t\t\t\t<div class=\"elementor-column elementor-col-50 elementor-top-column elementor-element elementor-element-acc8ffc\" data-id=\"acc8ffc\" data-element_type=\"column\" data-e-type=\"column\">\n\t\t\t<div class=\"elementor-widget-wrap elementor-element-populated\">\n\t\t\t\t\t\t<div class=\"elementor-element elementor-element-7f793ac elementor-widget elementor-widget-text-editor\" data-id=\"7f793ac\" data-element_type=\"widget\" data-e-type=\"widget\" data-widget_type=\"text-editor.default\">\n\t\t\t\t<div class=\"elementor-widget-container\">\n\t\t\t\t\t\t\t\t\t<p style=\"text-align: left;\"><a href=\"https:\/\/www.aftenbladet.no\/kultur\/i\/MRWlXK\/lager-humorshow-om-aa-vaere-utlendinger-du-er-blitt-for-norsk-naar-du\">Aftenbladet (artikkel p\u00e5 norsk) mai 2017<\/a><\/p>\t\t\t\t\t\t\t\t<\/div>\n\t\t\t\t<\/div>\n\t\t\t\t\t<\/div>\n\t\t<\/div>\n\t\t\t\t<div class=\"elementor-column elementor-col-50 elementor-top-column elementor-element elementor-element-fd267d8\" data-id=\"fd267d8\" data-element_type=\"column\" data-e-type=\"column\">\n\t\t\t<div class=\"elementor-widget-wrap elementor-element-populated\">\n\t\t\t\t\t\t<div class=\"elementor-element elementor-element-61769a3 elementor-widget elementor-widget-text-editor\" data-id=\"61769a3\" data-element_type=\"widget\" data-e-type=\"widget\" data-widget_type=\"text-editor.default\">\n\t\t\t\t<div class=\"elementor-widget-container\">\n\t\t\t\t\t\t\t\t\t<p><a href=\"https:\/\/lepetitjournal.com\/copenhague\/a-voir-a-faire\/humour-francais-scandinavie-cecile-moroni-pv-sur-scene-372453\">Le petit Journal (interview en francais avec l&#8217;humoriste PV) nov 2023<\/a><\/p>\t\t\t\t\t\t\t\t<\/div>\n\t\t\t\t<\/div>\n\t\t\t\t\t<\/div>\n\t\t<\/div>\n\t\t\t\t\t<\/div>\n\t\t<\/section>\n\t\t\t\t<section class=\"elementor-section elementor-top-section elementor-element elementor-element-aeb41bb elementor-section-boxed elementor-section-height-default elementor-section-height-default\" data-id=\"aeb41bb\" data-element_type=\"section\" data-e-type=\"section\">\n\t\t\t\t\t\t<div class=\"elementor-container elementor-column-gap-default\">\n\t\t\t\t\t<div class=\"elementor-column elementor-col-50 elementor-top-column elementor-element elementor-element-c8873e7\" data-id=\"c8873e7\" data-element_type=\"column\" data-e-type=\"column\">\n\t\t\t<div class=\"elementor-widget-wrap elementor-element-populated\">\n\t\t\t\t\t\t<div class=\"elementor-element elementor-element-d550a09 elementor-widget elementor-widget-text-editor\" data-id=\"d550a09\" data-element_type=\"widget\" data-e-type=\"widget\" data-widget_type=\"text-editor.default\">\n\t\t\t\t<div class=\"elementor-widget-container\">\n\t\t\t\t\t\t\t\t\t<p><a href=\"https:\/\/www.essecalumni.com\/fr\/article\/crise-du-logement-ia-emploi-plafond-de-verre-record-du-monde-les-essec-dans-les-medias\/28\/02\/2024\/5403?utm_source=linkedin&amp;utm_medium=social&amp;utm_campaign=article_essecmedias_mars_2023\">ESSEC Alumni (article en francais) fev 2024<\/a><\/p>\t\t\t\t\t\t\t\t<\/div>\n\t\t\t\t<\/div>\n\t\t\t\t\t<\/div>\n\t\t<\/div>\n\t\t\t\t<div class=\"elementor-column elementor-col-50 elementor-top-column elementor-element elementor-element-b446695\" data-id=\"b446695\" data-element_type=\"column\" data-e-type=\"column\">\n\t\t\t<div class=\"elementor-widget-wrap elementor-element-populated\">\n\t\t\t\t\t\t<div class=\"elementor-element elementor-element-3c1f274 elementor-widget elementor-widget-text-editor\" data-id=\"3c1f274\" data-element_type=\"widget\" data-e-type=\"widget\" data-widget_type=\"text-editor.default\">\n\t\t\t\t<div class=\"elementor-widget-container\">\n\t\t\t\t\t\t\t\t\t<p><a href=\"https:\/\/www.thelocal.no\/20240306\/interview-how-i-learned-to-make-norwegians-laugh\">The local (interview in English)\u00a0<\/a>\/ mars 2024<\/p>\t\t\t\t\t\t\t\t<\/div>\n\t\t\t\t<\/div>\n\t\t\t\t\t<\/div>\n\t\t<\/div>\n\t\t\t\t\t<\/div>\n\t\t<\/section>\n\t\t\t\t<section class=\"elementor-section elementor-top-section elementor-element elementor-element-c2710d5 elementor-section-boxed elementor-section-height-default elementor-section-height-default\" data-id=\"c2710d5\" data-element_type=\"section\" data-e-type=\"section\">\n\t\t\t\t\t\t<div class=\"elementor-container elementor-column-gap-default\">\n\t\t\t\t\t<div class=\"elementor-column elementor-col-50 elementor-top-column elementor-element elementor-element-7798ef2\" data-id=\"7798ef2\" data-element_type=\"column\" data-e-type=\"column\">\n\t\t\t<div class=\"elementor-widget-wrap elementor-element-populated\">\n\t\t\t\t\t\t<div class=\"elementor-element elementor-element-d527868 elementor-widget elementor-widget-text-editor\" data-id=\"d527868\" data-element_type=\"widget\" data-e-type=\"widget\" data-widget_type=\"text-editor.default\">\n\t\t\t\t<div class=\"elementor-widget-container\">\n\t\t\t\t\t\t\t\t\t<p style=\"text-align: left;\"><a href=\"https:\/\/www.lecourriercauchois.fr\/actualite-354355-yvetot-cecile-moroni-des-vikings-yvetotais-aux-standing-ovations-norvegiennes\">Le Courrier Cauchoix (article en francais)<\/a> oct 2023<\/p>\t\t\t\t\t\t\t\t<\/div>\n\t\t\t\t<\/div>\n\t\t\t\t\t<\/div>\n\t\t<\/div>\n\t\t\t\t<div class=\"elementor-column elementor-col-50 elementor-top-column elementor-element elementor-element-3778813\" data-id=\"3778813\" data-element_type=\"column\" data-e-type=\"column\">\n\t\t\t<div class=\"elementor-widget-wrap elementor-element-populated\">\n\t\t\t\t\t\t<div class=\"elementor-element elementor-element-22d5894 elementor-widget elementor-widget-text-editor\" data-id=\"22d5894\" data-element_type=\"widget\" data-e-type=\"widget\" data-widget_type=\"text-editor.default\">\n\t\t\t\t<div class=\"elementor-widget-container\">\n\t\t\t\t\t\t\t\t\t<p style=\"text-align: left;\"><a href=\"https:\/\/podcasts.apple.com\/no\/podcast\/hva-kjennetegner-fransk-vs-norsk-humor-med-c%C3%A9cile-moroni\/id1498742409?i=1000634588180\">Frankrike Forklart (podkast p\u00e5 norsk) nov 2023<\/a><\/p>\t\t\t\t\t\t\t\t<\/div>\n\t\t\t\t<\/div>\n\t\t\t\t\t<\/div>\n\t\t<\/div>\n\t\t\t\t\t<\/div>\n\t\t<\/section>\n\t\t\t\t<section class=\"elementor-section elementor-top-section elementor-element elementor-element-f50f102 elementor-section-boxed elementor-section-height-default elementor-section-height-default\" data-id=\"f50f102\" data-element_type=\"section\" data-e-type=\"section\">\n\t\t\t\t\t\t<div class=\"elementor-container elementor-column-gap-default\">\n\t\t\t\t\t<div class=\"elementor-column elementor-col-50 elementor-top-column elementor-element elementor-element-f89b5c4\" data-id=\"f89b5c4\" data-element_type=\"column\" data-e-type=\"column\">\n\t\t\t<div class=\"elementor-widget-wrap elementor-element-populated\">\n\t\t\t\t\t\t<div class=\"elementor-element elementor-element-24f70af elementor-widget elementor-widget-text-editor\" data-id=\"24f70af\" data-element_type=\"widget\" data-e-type=\"widget\" data-widget_type=\"text-editor.default\">\n\t\t\t\t<div class=\"elementor-widget-container\">\n\t\t\t\t\t\t\t\t\t<p><a href=\"https:\/\/www.youtube.com\/watch?v=h23zIdqp-9s\">Fru Alstad inviterer (youtube video p\u00e5 norsk)<\/a>\u00a0 fev 2024<\/p>\t\t\t\t\t\t\t\t<\/div>\n\t\t\t\t<\/div>\n\t\t\t\t\t<\/div>\n\t\t<\/div>\n\t\t\t\t<div class=\"elementor-column elementor-col-50 elementor-top-column elementor-element elementor-element-95d8456\" data-id=\"95d8456\" data-element_type=\"column\" data-e-type=\"column\">\n\t\t\t<div class=\"elementor-widget-wrap elementor-element-populated\">\n\t\t\t\t\t\t<div class=\"elementor-element elementor-element-a313cda elementor-widget elementor-widget-text-editor\" data-id=\"a313cda\" data-element_type=\"widget\" data-e-type=\"widget\" data-widget_type=\"text-editor.default\">\n\t\t\t\t<div class=\"elementor-widget-container\">\n\t\t\t\t\t\t\t\t\t<p><a href=\"https:\/\/www.listennotes.com\/podcasts\/komikere-p%C3%A5-sagene\/c%C3%A9cile-moroni-JhOU5Gx63qn\/\">Komikere p\u00e5 Sagene (podkast p\u00e5 norsk)<\/a> okt 2023<\/p>\t\t\t\t\t\t\t\t<\/div>\n\t\t\t\t<\/div>\n\t\t\t\t\t<\/div>\n\t\t<\/div>\n\t\t\t\t\t<\/div>\n\t\t<\/section>\n\t\t\t\t<section class=\"elementor-section elementor-top-section elementor-element elementor-element-e0715e2 elementor-section-boxed elementor-section-height-default elementor-section-height-default\" data-id=\"e0715e2\" data-element_type=\"section\" data-e-type=\"section\">\n\t\t\t\t\t\t<div class=\"elementor-container elementor-column-gap-default\">\n\t\t\t\t\t<div class=\"elementor-column elementor-col-50 elementor-top-column elementor-element elementor-element-9a8476d\" data-id=\"9a8476d\" data-element_type=\"column\" data-e-type=\"column\">\n\t\t\t<div class=\"elementor-widget-wrap elementor-element-populated\">\n\t\t\t\t\t\t<div class=\"elementor-element elementor-element-40dc020 elementor-widget elementor-widget-text-editor\" data-id=\"40dc020\" data-element_type=\"widget\" data-e-type=\"widget\" data-widget_type=\"text-editor.default\">\n\t\t\t\t<div class=\"elementor-widget-container\">\n\t\t\t\t\t\t\t\t\t<p><a href=\"https:\/\/podcasts.apple.com\/no\/podcast\/latter-podcast\/id1044086997\">Latter Podkast (podkast p\u00e5 norsk)<\/a> feb 2020<\/p>\t\t\t\t\t\t\t\t<\/div>\n\t\t\t\t<\/div>\n\t\t\t\t\t<\/div>\n\t\t<\/div>\n\t\t\t\t<div class=\"elementor-column elementor-col-50 elementor-top-column elementor-element elementor-element-789d3b0\" data-id=\"789d3b0\" data-element_type=\"column\" data-e-type=\"column\">\n\t\t\t<div class=\"elementor-widget-wrap elementor-element-populated\">\n\t\t\t\t\t\t<div class=\"elementor-element elementor-element-09ad729 elementor-widget elementor-widget-text-editor\" data-id=\"09ad729\" data-element_type=\"widget\" data-e-type=\"widget\" data-widget_type=\"text-editor.default\">\n\t\t\t\t<div class=\"elementor-widget-container\">\n\t\t\t\t\t\t\t\t\t<p><a href=\"https:\/\/www.youtube.com\/watch?v=53Auha5-Lv4\">Inia James Podcast (podcast in English)<\/a> nov 2022<\/p>\t\t\t\t\t\t\t\t<\/div>\n\t\t\t\t<\/div>\n\t\t\t\t\t<\/div>\n\t\t<\/div>\n\t\t\t\t\t<\/div>\n\t\t<\/section>\n\t\t\t\t<\/div>","protected":false},"excerpt":{"rendered":"<p>Medieomtaler Intervju NRK Radio &#8211; April 2026 (p\u00e5 norsk) Podcast &laquo;Kontrollt\u00e5rnet&raquo; med Herman Berg og Atle \u00d8i &#8211; Mars 2026 (p\u00e5 norsk) &laquo;Jobbdoktor&raquo; podcast med Vedis Lamberg, Nettavisen, mars 2026 (p\u00e5 norsk) Aftenposten &#8211; Utlendinger blir sjokkert over at norske barn sover ute &#8211; Jan 2026 (p\u00e5 norsk) C\u00e9cile Moroni blir &laquo;\u00c5rets Rakett 2025&raquo; hos &hellip;<\/p>\n<p class=\"read-more\"> <a class=\"\" href=\"https:\/\/cecilemoroni.com\/en\/referanser-og-medieomtaler-2\/\"> <span class=\"screen-reader-text\">Media Coverage<\/span> Read More \u00bb<\/a><\/p>","protected":false},"author":2,"featured_media":0,"parent":0,"menu_order":0,"comment_status":"closed","ping_status":"closed","template":"","meta":{"_monsterinsights_skip_tracking":false,"_monsterinsights_sitenote_active":false,"_monsterinsights_sitenote_note":"","_monsterinsights_sitenote_category":0,"site-sidebar-layout":"no-sidebar","site-content-layout":"page-builder","ast-global-header-display":"","ast-banner-title-visibility":"","ast-main-header-display":"","ast-hfb-above-header-display":"","ast-hfb-below-header-display":"","ast-hfb-mobile-header-display":"","site-post-title":"disabled","ast-breadcrumbs-content":"disabled","ast-featured-img":"disabled","footer-sml-layout":"","theme-transparent-header-meta":"enabled","adv-header-id-meta":"","stick-header-meta":"","header-above-stick-meta":"","header-main-stick-meta":"","header-below-stick-meta":"","footnotes":""},"class_list":["post-2883","page","type-page","status-publish","hentry"],"_links":{"self":[{"href":"https:\/\/cecilemoroni.com\/en\/wp-json\/wp\/v2\/pages\/2883","targetHints":{"allow":["GET"]}}],"collection":[{"href":"https:\/\/cecilemoroni.com\/en\/wp-json\/wp\/v2\/pages"}],"about":[{"href":"https:\/\/cecilemoroni.com\/en\/wp-json\/wp\/v2\/types\/page"}],"author":[{"embeddable":true,"href":"https:\/\/cecilemoroni.com\/en\/wp-json\/wp\/v2\/users\/2"}],"replies":[{"embeddable":true,"href":"https:\/\/cecilemoroni.com\/en\/wp-json\/wp\/v2\/comments?post=2883"}],"version-history":[{"count":79,"href":"https:\/\/cecilemoroni.com\/en\/wp-json\/wp\/v2\/pages\/2883\/revisions"}],"predecessor-version":[{"id":3526,"href":"https:\/\/cecilemoroni.com\/en\/wp-json\/wp\/v2\/pages\/2883\/revisions\/3526"}],"wp:attachment":[{"href":"https:\/\/cecilemoroni.com\/en\/wp-json\/wp\/v2\/media?parent=2883"}],"curies":[{"name":"wp","href":"https:\/\/api.w.org\/{rel}","templated":true}]}}